{"id":266,"date":"2020-11-05T14:35:33","date_gmt":"2020-11-05T14:35:33","guid":{"rendered":"https:\/\/drgr.ch\/?page_id=266"},"modified":"2026-07-25T09:41:03","modified_gmt":"2026-07-25T09:41:03","slug":"references-renovations","status":"publish","type":"page","link":"https:\/\/drgr.ch\/?page_id=266","title":{"rendered":"Transformations &#8211; R\u00e9novations"},"content":{"rendered":"<div class=\"wp-block-image\">\n<figure class=\"aligncenter size-large is-resized\"><img loading=\"lazy\" decoding=\"async\" width=\"602\" height=\"314\" src=\"https:\/\/drgr.ch\/wp-content\/uploads\/2026\/07\/Bavois-3.1.png\" alt=\"\" class=\"wp-image-692\" style=\"aspect-ratio:1.9173083144613394;width:703px;height:auto\" srcset=\"https:\/\/drgr.ch\/wp-content\/uploads\/2026\/07\/Bavois-3.1.png 602w, https:\/\/drgr.ch\/wp-content\/uploads\/2026\/07\/Bavois-3.1-300x156.png 300w\" sizes=\"auto, (max-width: 602px) 100vw, 602px\" \/><\/figure>\n<\/div>\n\n<div class=\"wp-block-image\">\n<figure class=\"aligncenter size-large is-resized\"><img loading=\"lazy\" decoding=\"async\" width=\"603\" height=\"317\" src=\"https:\/\/drgr.ch\/wp-content\/uploads\/2026\/07\/Bavois-3.6-1.png\" alt=\"\" class=\"wp-image-693\" style=\"aspect-ratio:1.902285457295883;width:681px;height:auto\" srcset=\"https:\/\/drgr.ch\/wp-content\/uploads\/2026\/07\/Bavois-3.6-1.png 603w, https:\/\/drgr.ch\/wp-content\/uploads\/2026\/07\/Bavois-3.6-1-300x158.png 300w\" sizes=\"auto, (max-width: 603px) 100vw, 603px\" \/><\/figure>\n<\/div>\n\n\n<p class=\"has-text-align-center wp-block-paragraph\">AF24-0343 : <em>R\u00e9novation de deux b\u00e2timents \u00e0 Bavois<\/em><\/p>\n\n\n\n<figure class=\"wp-block-image size-large\"><img loading=\"lazy\" decoding=\"async\" width=\"1024\" height=\"14\" src=\"https:\/\/drgr.ch\/wp-content\/uploads\/2020\/11\/separateur-1024x14.jpg\" alt=\"\" class=\"wp-image-342\" srcset=\"https:\/\/drgr.ch\/wp-content\/uploads\/2020\/11\/separateur-1024x14.jpg 1024w, https:\/\/drgr.ch\/wp-content\/uploads\/2020\/11\/separateur-300x4.jpg 300w, https:\/\/drgr.ch\/wp-content\/uploads\/2020\/11\/separateur-768x10.jpg 768w, https:\/\/drgr.ch\/wp-content\/uploads\/2020\/11\/separateur-1536x20.jpg 1536w, https:\/\/drgr.ch\/wp-content\/uploads\/2020\/11\/separateur-2048x27.jpg 2048w\" sizes=\"auto, (max-width: 1024px) 100vw, 1024px\" \/><\/figure>\n\n\n<div class=\"wp-block-image\">\n<figure class=\"aligncenter size-full\"><img loading=\"lazy\" decoding=\"async\" width=\"680\" height=\"395\" src=\"https:\/\/drgr.ch\/wp-content\/uploads\/2025\/07\/Geneve-transformation-panneaux.jpg\" alt=\"\" class=\"wp-image-594\" srcset=\"https:\/\/drgr.ch\/wp-content\/uploads\/2025\/07\/Geneve-transformation-panneaux.jpg 680w, https:\/\/drgr.ch\/wp-content\/uploads\/2025\/07\/Geneve-transformation-panneaux-300x174.jpg 300w\" sizes=\"auto, (max-width: 680px) 100vw, 680px\" \/><\/figure>\n<\/div>\n\n\n<p class=\"has-text-align-center wp-block-paragraph\">AF23-0223 : <em>Transformation et panneaux photovolta\u00efques \u00e0 Gen\u00e8ve<\/em><\/p>\n\n\n\n<figure class=\"wp-block-image size-large\"><img loading=\"lazy\" decoding=\"async\" width=\"1024\" height=\"14\" src=\"https:\/\/drgr.ch\/wp-content\/uploads\/2020\/11\/separateur-1024x14.jpg\" alt=\"\" class=\"wp-image-342\" srcset=\"https:\/\/drgr.ch\/wp-content\/uploads\/2020\/11\/separateur-1024x14.jpg 1024w, https:\/\/drgr.ch\/wp-content\/uploads\/2020\/11\/separateur-300x4.jpg 300w, https:\/\/drgr.ch\/wp-content\/uploads\/2020\/11\/separateur-768x10.jpg 768w, https:\/\/drgr.ch\/wp-content\/uploads\/2020\/11\/separateur-1536x20.jpg 1536w, https:\/\/drgr.ch\/wp-content\/uploads\/2020\/11\/separateur-2048x27.jpg 2048w\" sizes=\"auto, (max-width: 1024px) 100vw, 1024px\" \/><\/figure>\n\n\n<div class=\"wp-block-image\">\n<figure class=\"aligncenter size-full is-resized\"><img loading=\"lazy\" decoding=\"async\" width=\"764\" height=\"488\" src=\"https:\/\/drgr.ch\/wp-content\/uploads\/2025\/07\/Oulens.jpg\" alt=\"\" class=\"wp-image-570\" style=\"width:664px;height:auto\" srcset=\"https:\/\/drgr.ch\/wp-content\/uploads\/2025\/07\/Oulens.jpg 764w, https:\/\/drgr.ch\/wp-content\/uploads\/2025\/07\/Oulens-300x192.jpg 300w\" sizes=\"auto, (max-width: 764px) 100vw, 764px\" \/><\/figure>\n<\/div>\n\n\n<p class=\"has-text-align-center wp-block-paragraph\">AF24-0351<em> : Transformation d&rsquo;un b\u00e2timent \u00e0 Oulens<\/em><\/p>\n\n\n\n<figure class=\"wp-block-image size-large\"><img loading=\"lazy\" decoding=\"async\" width=\"1024\" height=\"14\" src=\"https:\/\/drgr.ch\/wp-content\/uploads\/2020\/11\/separateur-1024x14.jpg\" alt=\"\" class=\"wp-image-342\" srcset=\"https:\/\/drgr.ch\/wp-content\/uploads\/2020\/11\/separateur-1024x14.jpg 1024w, https:\/\/drgr.ch\/wp-content\/uploads\/2020\/11\/separateur-300x4.jpg 300w, https:\/\/drgr.ch\/wp-content\/uploads\/2020\/11\/separateur-768x10.jpg 768w, https:\/\/drgr.ch\/wp-content\/uploads\/2020\/11\/separateur-1536x20.jpg 1536w, https:\/\/drgr.ch\/wp-content\/uploads\/2020\/11\/separateur-2048x27.jpg 2048w\" sizes=\"auto, (max-width: 1024px) 100vw, 1024px\" \/><\/figure>\n\n\n\n<figure class=\"wp-block-gallery has-nested-images columns-default is-cropped wp-block-gallery-1 is-layout-flex wp-block-gallery-is-layout-flex\">\n<figure class=\"wp-block-image size-large\"><img loading=\"lazy\" decoding=\"async\" width=\"604\" height=\"373\" data-id=\"517\" src=\"https:\/\/drgr.ch\/wp-content\/uploads\/2021\/03\/Ch-Noreaz.jpg\" alt=\"\" class=\"wp-image-517\" srcset=\"https:\/\/drgr.ch\/wp-content\/uploads\/2021\/03\/Ch-Noreaz.jpg 604w, https:\/\/drgr.ch\/wp-content\/uploads\/2021\/03\/Ch-Noreaz-300x185.jpg 300w\" sizes=\"auto, (max-width: 604px) 100vw, 604px\" \/><\/figure>\n\n\n\n<figure class=\"wp-block-image size-large\"><img loading=\"lazy\" decoding=\"async\" width=\"524\" height=\"430\" data-id=\"519\" src=\"https:\/\/drgr.ch\/wp-content\/uploads\/2021\/03\/Ch-Noreaz2.jpg\" alt=\"\" class=\"wp-image-519\" srcset=\"https:\/\/drgr.ch\/wp-content\/uploads\/2021\/03\/Ch-Noreaz2.jpg 524w, https:\/\/drgr.ch\/wp-content\/uploads\/2021\/03\/Ch-Noreaz2-300x246.jpg 300w\" sizes=\"auto, (max-width: 524px) 100vw, 524px\" \/><\/figure>\n<\/figure>\n\n\n\n<p class=\"has-text-align-center wp-block-paragraph\">AF21-0123 <em>: Agrandissement d&rsquo;une villa individuelle \u00e0 Cheseaux-Nor\u00e9az &#8211; Ajout d&rsquo;une extension<\/em><\/p>\n\n\n\n<figure class=\"wp-block-image size-large\"><img loading=\"lazy\" decoding=\"async\" width=\"1024\" height=\"14\" src=\"https:\/\/drgr.ch\/wp-content\/uploads\/2020\/11\/separateur-1024x14.jpg\" alt=\"\" class=\"wp-image-342\" srcset=\"https:\/\/drgr.ch\/wp-content\/uploads\/2020\/11\/separateur-1024x14.jpg 1024w, https:\/\/drgr.ch\/wp-content\/uploads\/2020\/11\/separateur-300x4.jpg 300w, https:\/\/drgr.ch\/wp-content\/uploads\/2020\/11\/separateur-768x10.jpg 768w, https:\/\/drgr.ch\/wp-content\/uploads\/2020\/11\/separateur-1536x20.jpg 1536w, https:\/\/drgr.ch\/wp-content\/uploads\/2020\/11\/separateur-2048x27.jpg 2048w\" sizes=\"auto, (max-width: 1024px) 100vw, 1024px\" \/><\/figure>\n\n\n\n<figure class=\"wp-block-gallery has-nested-images columns-default is-cropped wp-block-gallery-2 is-layout-flex wp-block-gallery-is-layout-flex\">\n<figure class=\"wp-block-image size-large\"><img loading=\"lazy\" decoding=\"async\" width=\"518\" height=\"389\" data-id=\"390\" src=\"https:\/\/drgr.ch\/wp-content\/uploads\/2020\/11\/semailles.jpg\" alt=\"\" class=\"wp-image-390\" srcset=\"https:\/\/drgr.ch\/wp-content\/uploads\/2020\/11\/semailles.jpg 518w, https:\/\/drgr.ch\/wp-content\/uploads\/2020\/11\/semailles-300x225.jpg 300w\" sizes=\"auto, (max-width: 518px) 100vw, 518px\" \/><\/figure>\n\n\n\n<figure class=\"wp-block-image size-large\"><img loading=\"lazy\" decoding=\"async\" width=\"1024\" height=\"378\" data-id=\"230\" src=\"https:\/\/drgr.ch\/wp-content\/uploads\/2020\/11\/Geneve-1024x378.jpg\" alt=\"\" class=\"wp-image-230\" srcset=\"https:\/\/drgr.ch\/wp-content\/uploads\/2020\/11\/Geneve-1024x378.jpg 1024w, https:\/\/drgr.ch\/wp-content\/uploads\/2020\/11\/Geneve-300x111.jpg 300w, https:\/\/drgr.ch\/wp-content\/uploads\/2020\/11\/Geneve-768x284.jpg 768w, https:\/\/drgr.ch\/wp-content\/uploads\/2020\/11\/Geneve.jpg 1303w\" sizes=\"auto, (max-width: 1024px) 100vw, 1024px\" \/><\/figure>\n<\/figure>\n\n\n\n<p class=\"has-text-align-center wp-block-paragraph\">AF14-0001 : <em>Sur\u00e9l\u00e9vation d\u2019un groupe de 3 b\u00e2timents d\u2019un niveau \u00e0 Gen\u00e8ve (bois m\u00e9tal)<\/em><\/p>\n\n\n\n<figure class=\"wp-block-image size-large\"><img loading=\"lazy\" decoding=\"async\" width=\"1024\" height=\"14\" src=\"https:\/\/drgr.ch\/wp-content\/uploads\/2020\/11\/separateur-1024x14.jpg\" alt=\"\" class=\"wp-image-342\" srcset=\"https:\/\/drgr.ch\/wp-content\/uploads\/2020\/11\/separateur-1024x14.jpg 1024w, https:\/\/drgr.ch\/wp-content\/uploads\/2020\/11\/separateur-300x4.jpg 300w, https:\/\/drgr.ch\/wp-content\/uploads\/2020\/11\/separateur-768x10.jpg 768w, https:\/\/drgr.ch\/wp-content\/uploads\/2020\/11\/separateur-1536x20.jpg 1536w, https:\/\/drgr.ch\/wp-content\/uploads\/2020\/11\/separateur-2048x27.jpg 2048w\" sizes=\"auto, (max-width: 1024px) 100vw, 1024px\" \/><\/figure>\n\n\n\n<figure class=\"wp-block-gallery aligncenter has-nested-images columns-default is-cropped wp-block-gallery-3 is-layout-flex wp-block-gallery-is-layout-flex\">\n<figure class=\"wp-block-image size-large\"><img loading=\"lazy\" decoding=\"async\" width=\"454\" height=\"302\" data-id=\"275\" src=\"https:\/\/drgr.ch\/wp-content\/uploads\/2020\/11\/Lausanne.jpg\" alt=\"\" class=\"wp-image-275\" srcset=\"https:\/\/drgr.ch\/wp-content\/uploads\/2020\/11\/Lausanne.jpg 454w, https:\/\/drgr.ch\/wp-content\/uploads\/2020\/11\/Lausanne-300x200.jpg 300w\" sizes=\"auto, (max-width: 454px) 100vw, 454px\" \/><\/figure>\n\n\n\n<figure class=\"wp-block-image size-large\"><img loading=\"lazy\" decoding=\"async\" width=\"499\" height=\"534\" data-id=\"428\" src=\"https:\/\/drgr.ch\/wp-content\/uploads\/2020\/11\/martial.jpg\" alt=\"\" class=\"wp-image-428\" srcset=\"https:\/\/drgr.ch\/wp-content\/uploads\/2020\/11\/martial.jpg 499w, https:\/\/drgr.ch\/wp-content\/uploads\/2020\/11\/martial-280x300.jpg 280w\" sizes=\"auto, (max-width: 499px) 100vw, 499px\" \/><\/figure>\n<\/figure>\n\n\n\n<p class=\"has-text-align-center wp-block-paragraph\">AF17-0067 : <em>Suppression de 2 murs porteurs importants et large ouverture sur salon pour r\u00e9pondre au maximum de souhaits \u00e9mis par le client et l\u2019architecte<\/em><\/p>\n\n\n\n<figure class=\"wp-block-image size-large\"><img loading=\"lazy\" decoding=\"async\" width=\"1024\" height=\"14\" src=\"https:\/\/drgr.ch\/wp-content\/uploads\/2020\/11\/separateur-1024x14.jpg\" alt=\"\" class=\"wp-image-342\" srcset=\"https:\/\/drgr.ch\/wp-content\/uploads\/2020\/11\/separateur-1024x14.jpg 1024w, https:\/\/drgr.ch\/wp-content\/uploads\/2020\/11\/separateur-300x4.jpg 300w, https:\/\/drgr.ch\/wp-content\/uploads\/2020\/11\/separateur-768x10.jpg 768w, https:\/\/drgr.ch\/wp-content\/uploads\/2020\/11\/separateur-1536x20.jpg 1536w, https:\/\/drgr.ch\/wp-content\/uploads\/2020\/11\/separateur-2048x27.jpg 2048w\" sizes=\"auto, (max-width: 1024px) 100vw, 1024px\" \/><\/figure>\n\n\n\n<figure class=\"wp-block-gallery has-nested-images columns-default is-cropped wp-block-gallery-4 is-layout-flex wp-block-gallery-is-layout-flex\">\n<figure class=\"wp-block-image size-large\"><img loading=\"lazy\" decoding=\"async\" width=\"654\" height=\"457\" data-id=\"470\" src=\"https:\/\/drgr.ch\/wp-content\/uploads\/2020\/11\/Stauffer.jpg\" alt=\"\" class=\"wp-image-470\" srcset=\"https:\/\/drgr.ch\/wp-content\/uploads\/2020\/11\/Stauffer.jpg 654w, https:\/\/drgr.ch\/wp-content\/uploads\/2020\/11\/Stauffer-300x210.jpg 300w, https:\/\/drgr.ch\/wp-content\/uploads\/2020\/11\/Stauffer-250x175.jpg 250w\" sizes=\"auto, (max-width: 654px) 100vw, 654px\" \/><\/figure>\n\n\n\n<figure class=\"wp-block-image size-large\"><img loading=\"lazy\" decoding=\"async\" width=\"585\" height=\"439\" data-id=\"471\" src=\"https:\/\/drgr.ch\/wp-content\/uploads\/2020\/11\/Stauffer2.jpg\" alt=\"\" class=\"wp-image-471\" srcset=\"https:\/\/drgr.ch\/wp-content\/uploads\/2020\/11\/Stauffer2.jpg 585w, https:\/\/drgr.ch\/wp-content\/uploads\/2020\/11\/Stauffer2-300x225.jpg 300w\" sizes=\"auto, (max-width: 585px) 100vw, 585px\" \/><\/figure>\n<figcaption class=\"blocks-gallery-caption wp-element-caption\">AF18-0077 : <em>R\u00e9novation et extension d&rsquo;une maison d&rsquo;habitation<\/em><\/figcaption><\/figure>\n\n\n\n<figure class=\"wp-block-image size-large\"><img loading=\"lazy\" decoding=\"async\" width=\"1024\" height=\"14\" src=\"https:\/\/drgr.ch\/wp-content\/uploads\/2020\/11\/separateur-1024x14.jpg\" alt=\"\" class=\"wp-image-342\" srcset=\"https:\/\/drgr.ch\/wp-content\/uploads\/2020\/11\/separateur-1024x14.jpg 1024w, https:\/\/drgr.ch\/wp-content\/uploads\/2020\/11\/separateur-300x4.jpg 300w, https:\/\/drgr.ch\/wp-content\/uploads\/2020\/11\/separateur-768x10.jpg 768w, https:\/\/drgr.ch\/wp-content\/uploads\/2020\/11\/separateur-1536x20.jpg 1536w, https:\/\/drgr.ch\/wp-content\/uploads\/2020\/11\/separateur-2048x27.jpg 2048w\" sizes=\"auto, (max-width: 1024px) 100vw, 1024px\" \/><\/figure>\n\n\n<div class=\"wp-block-image\">\n<figure class=\"aligncenter size-large is-resized\"><img loading=\"lazy\" decoding=\"async\" width=\"645\" height=\"201\" src=\"https:\/\/drgr.ch\/wp-content\/uploads\/2020\/11\/Bofflens.jpg\" alt=\"\" class=\"wp-image-448\" style=\"width:645px;height:auto\" srcset=\"https:\/\/drgr.ch\/wp-content\/uploads\/2020\/11\/Bofflens.jpg 645w, https:\/\/drgr.ch\/wp-content\/uploads\/2020\/11\/Bofflens-300x93.jpg 300w\" sizes=\"auto, (max-width: 645px) 100vw, 645px\" \/><\/figure>\n<\/div>\n\n\n<p class=\"has-text-align-center wp-block-paragraph\">AF18-0079 : <em>Transformation d&rsquo;une ferme \u00e0 Bofflens<\/em><\/p>\n\n\n\n<figure class=\"wp-block-image size-large\"><img loading=\"lazy\" decoding=\"async\" width=\"1024\" height=\"14\" src=\"https:\/\/drgr.ch\/wp-content\/uploads\/2020\/11\/separateur-1024x14.jpg\" alt=\"\" class=\"wp-image-342\" srcset=\"https:\/\/drgr.ch\/wp-content\/uploads\/2020\/11\/separateur-1024x14.jpg 1024w, https:\/\/drgr.ch\/wp-content\/uploads\/2020\/11\/separateur-300x4.jpg 300w, https:\/\/drgr.ch\/wp-content\/uploads\/2020\/11\/separateur-768x10.jpg 768w, https:\/\/drgr.ch\/wp-content\/uploads\/2020\/11\/separateur-1536x20.jpg 1536w, https:\/\/drgr.ch\/wp-content\/uploads\/2020\/11\/separateur-2048x27.jpg 2048w\" sizes=\"auto, (max-width: 1024px) 100vw, 1024px\" \/><\/figure>\n\n\n\n<figure class=\"wp-block-gallery has-nested-images columns-default is-cropped wp-block-gallery-5 is-layout-flex wp-block-gallery-is-layout-flex\">\n<figure class=\"wp-block-image size-large\"><img loading=\"lazy\" decoding=\"async\" width=\"683\" height=\"265\" data-id=\"393\" src=\"https:\/\/drgr.ch\/wp-content\/uploads\/2020\/11\/Grabe1.jpg\" alt=\"\" class=\"wp-image-393\" srcset=\"https:\/\/drgr.ch\/wp-content\/uploads\/2020\/11\/Grabe1.jpg 683w, https:\/\/drgr.ch\/wp-content\/uploads\/2020\/11\/Grabe1-300x116.jpg 300w\" sizes=\"auto, (max-width: 683px) 100vw, 683px\" \/><\/figure>\n\n\n\n<figure class=\"wp-block-image size-large\"><img loading=\"lazy\" decoding=\"async\" width=\"394\" height=\"295\" data-id=\"394\" src=\"https:\/\/drgr.ch\/wp-content\/uploads\/2020\/11\/grabe2.jpg\" alt=\"\" class=\"wp-image-394\" srcset=\"https:\/\/drgr.ch\/wp-content\/uploads\/2020\/11\/grabe2.jpg 394w, https:\/\/drgr.ch\/wp-content\/uploads\/2020\/11\/grabe2-300x225.jpg 300w\" sizes=\"auto, (max-width: 394px) 100vw, 394px\" \/><\/figure>\n<figcaption class=\"blocks-gallery-caption wp-element-caption\">AF14-003 : <em>Suppression de parois identifi\u00e9es comme non-porteuses, renforcements, maintien de la charpente bois, mise en place d\u2019un escalier et utilisation des combles<\/em><\/figcaption><\/figure>\n\n\n\n<figure class=\"wp-block-image size-large\"><img loading=\"lazy\" decoding=\"async\" width=\"1024\" height=\"14\" src=\"https:\/\/drgr.ch\/wp-content\/uploads\/2020\/11\/separateur-1024x14.jpg\" alt=\"\" class=\"wp-image-342\" srcset=\"https:\/\/drgr.ch\/wp-content\/uploads\/2020\/11\/separateur-1024x14.jpg 1024w, https:\/\/drgr.ch\/wp-content\/uploads\/2020\/11\/separateur-300x4.jpg 300w, https:\/\/drgr.ch\/wp-content\/uploads\/2020\/11\/separateur-768x10.jpg 768w, https:\/\/drgr.ch\/wp-content\/uploads\/2020\/11\/separateur-1536x20.jpg 1536w, https:\/\/drgr.ch\/wp-content\/uploads\/2020\/11\/separateur-2048x27.jpg 2048w\" sizes=\"auto, (max-width: 1024px) 100vw, 1024px\" \/><\/figure>\n\n\n\n<figure class=\"wp-block-gallery aligncenter has-nested-images columns-default is-cropped wp-block-gallery-6 is-layout-flex wp-block-gallery-is-layout-flex\">\n<figure class=\"wp-block-image size-large\"><img loading=\"lazy\" decoding=\"async\" width=\"454\" height=\"340\" data-id=\"326\" src=\"https:\/\/drgr.ch\/wp-content\/uploads\/2020\/11\/armature.jpg\" alt=\"\" class=\"wp-image-326\" srcset=\"https:\/\/drgr.ch\/wp-content\/uploads\/2020\/11\/armature.jpg 454w, https:\/\/drgr.ch\/wp-content\/uploads\/2020\/11\/armature-300x225.jpg 300w\" sizes=\"auto, (max-width: 454px) 100vw, 454px\" \/><\/figure>\n\n\n\n<figure class=\"wp-block-image size-large\"><img loading=\"lazy\" decoding=\"async\" width=\"638\" height=\"421\" data-id=\"371\" src=\"https:\/\/drgr.ch\/wp-content\/uploads\/2020\/11\/belvedere.jpg\" alt=\"\" class=\"wp-image-371\" srcset=\"https:\/\/drgr.ch\/wp-content\/uploads\/2020\/11\/belvedere.jpg 638w, https:\/\/drgr.ch\/wp-content\/uploads\/2020\/11\/belvedere-300x198.jpg 300w\" sizes=\"auto, (max-width: 638px) 100vw, 638px\" \/><\/figure>\n<figcaption class=\"blocks-gallery-caption wp-element-caption\">AF17-0057 : <em>Agrandissement de la galerie existante sans ajouter de porteurs verticaux<\/em> <em>et fixation d\u2019un nouvel escalier int\u00e9rieur<\/em><\/figcaption><\/figure>\n\n\n\n<figure class=\"wp-block-image size-large\"><img loading=\"lazy\" decoding=\"async\" width=\"1024\" height=\"14\" src=\"https:\/\/drgr.ch\/wp-content\/uploads\/2020\/11\/separateur-1024x14.jpg\" alt=\"\" class=\"wp-image-342\" srcset=\"https:\/\/drgr.ch\/wp-content\/uploads\/2020\/11\/separateur-1024x14.jpg 1024w, https:\/\/drgr.ch\/wp-content\/uploads\/2020\/11\/separateur-300x4.jpg 300w, https:\/\/drgr.ch\/wp-content\/uploads\/2020\/11\/separateur-768x10.jpg 768w, https:\/\/drgr.ch\/wp-content\/uploads\/2020\/11\/separateur-1536x20.jpg 1536w, https:\/\/drgr.ch\/wp-content\/uploads\/2020\/11\/separateur-2048x27.jpg 2048w\" sizes=\"auto, (max-width: 1024px) 100vw, 1024px\" \/><\/figure>\n\n\n<div class=\"wp-block-image\">\n<figure class=\"aligncenter size-large\"><img loading=\"lazy\" decoding=\"async\" width=\"621\" height=\"466\" src=\"https:\/\/drgr.ch\/wp-content\/uploads\/2020\/11\/Fila.jpg\" alt=\"\" class=\"wp-image-468\" srcset=\"https:\/\/drgr.ch\/wp-content\/uploads\/2020\/11\/Fila.jpg 621w, https:\/\/drgr.ch\/wp-content\/uploads\/2020\/11\/Fila-300x225.jpg 300w\" sizes=\"auto, (max-width: 621px) 100vw, 621px\" \/><\/figure>\n<\/div>\n\n\n<p class=\"has-text-align-center wp-block-paragraph\">AF17-0068 : <em>Adaptation d&rsquo;une charpente m\u00e9tallique dans une halle, suppression d&rsquo;un porteur vertical<\/em><\/p>\n\n\n\n<figure class=\"wp-block-image size-large\"><img loading=\"lazy\" decoding=\"async\" width=\"1024\" height=\"14\" src=\"https:\/\/drgr.ch\/wp-content\/uploads\/2020\/11\/separateur-1024x14.jpg\" alt=\"\" class=\"wp-image-342\" srcset=\"https:\/\/drgr.ch\/wp-content\/uploads\/2020\/11\/separateur-1024x14.jpg 1024w, https:\/\/drgr.ch\/wp-content\/uploads\/2020\/11\/separateur-300x4.jpg 300w, https:\/\/drgr.ch\/wp-content\/uploads\/2020\/11\/separateur-768x10.jpg 768w, https:\/\/drgr.ch\/wp-content\/uploads\/2020\/11\/separateur-1536x20.jpg 1536w, https:\/\/drgr.ch\/wp-content\/uploads\/2020\/11\/separateur-2048x27.jpg 2048w\" sizes=\"auto, (max-width: 1024px) 100vw, 1024px\" \/><\/figure>\n\n\n\n<figure class=\"wp-block-gallery aligncenter has-nested-images columns-default is-cropped wp-block-gallery-7 is-layout-flex wp-block-gallery-is-layout-flex\">\n<figure class=\"wp-block-image size-large\"><img loading=\"lazy\" decoding=\"async\" width=\"223\" height=\"167\" data-id=\"323\" src=\"https:\/\/drgr.ch\/wp-content\/uploads\/2020\/11\/yverdon.jpg\" alt=\"\" class=\"wp-image-323\"\/><\/figure>\n\n\n\n<figure class=\"wp-block-image size-large\"><img loading=\"lazy\" decoding=\"async\" width=\"223\" height=\"167\" data-id=\"324\" src=\"https:\/\/drgr.ch\/wp-content\/uploads\/2020\/11\/yverdon2.jpg\" alt=\"\" class=\"wp-image-324\"\/><\/figure>\n<\/figure>\n\n\n<div class=\"wp-block-image\">\n<figure class=\"aligncenter size-large is-resized\"><img loading=\"lazy\" decoding=\"async\" width=\"605\" height=\"461\" src=\"https:\/\/drgr.ch\/wp-content\/uploads\/2020\/11\/yverdon3.jpg\" alt=\"\" class=\"wp-image-446\" style=\"width:605px;height:auto\" srcset=\"https:\/\/drgr.ch\/wp-content\/uploads\/2020\/11\/yverdon3.jpg 605w, https:\/\/drgr.ch\/wp-content\/uploads\/2020\/11\/yverdon3-300x229.jpg 300w\" sizes=\"auto, (max-width: 605px) 100vw, 605px\" \/><\/figure>\n<\/div>\n\n\n<p class=\"has-text-align-center wp-block-paragraph\">AF15-0020 : <em>Elargissement des balcons et transformation des combles, adaptation des porteurs pour gagner un maximum d\u2019espace et continuer d\u2019utiliser la structure existante avec un minimum de transformation et renforcement<\/em><\/p>\n","protected":false},"excerpt":{"rendered":"<p>AF24-0343 : R\u00e9novation de deux b\u00e2timents \u00e0 Bavois AF23-0223 : Transformation et panneaux photovolta\u00efques \u00e0 Gen\u00e8ve AF24-0351 : Transformation d&rsquo;un b\u00e2timent \u00e0 Oulens AF21-0123 : Agrandissement d&rsquo;une villa individuelle \u00e0 Cheseaux-Nor\u00e9az &#8211; Ajout d&rsquo;une extension AF14-0001 : Sur\u00e9l\u00e9vation d\u2019un groupe&hellip; <a href=\"https:\/\/drgr.ch\/?page_id=266\" class=\"more-link\">Continuer la lecture <span class=\"meta-nav\">&rarr;<\/span><\/a><\/p>\n","protected":false},"author":1,"featured_media":0,"parent":0,"menu_order":0,"comment_status":"closed","ping_status":"closed","template":"","meta":{"footnotes":""},"class_list":["post-266","page","type-page","status-publish","hentry"],"_links":{"self":[{"href":"https:\/\/drgr.ch\/index.php?rest_route=\/wp\/v2\/pages\/266","targetHints":{"allow":["GET"]}}],"collection":[{"href":"https:\/\/drgr.ch\/index.php?rest_route=\/wp\/v2\/pages"}],"about":[{"href":"https:\/\/drgr.ch\/index.php?rest_route=\/wp\/v2\/types\/page"}],"author":[{"embeddable":true,"href":"https:\/\/drgr.ch\/index.php?rest_route=\/wp\/v2\/users\/1"}],"replies":[{"embeddable":true,"href":"https:\/\/drgr.ch\/index.php?rest_route=%2Fwp%2Fv2%2Fcomments&post=266"}],"version-history":[{"count":33,"href":"https:\/\/drgr.ch\/index.php?rest_route=\/wp\/v2\/pages\/266\/revisions"}],"predecessor-version":[{"id":694,"href":"https:\/\/drgr.ch\/index.php?rest_route=\/wp\/v2\/pages\/266\/revisions\/694"}],"wp:attachment":[{"href":"https:\/\/drgr.ch\/index.php?rest_route=%2Fwp%2Fv2%2Fmedia&parent=266"}],"curies":[{"name":"wp","href":"https:\/\/api.w.org\/{rel}","templated":true}]}}